{"id":2928,"date":"2023-05-04T16:13:48","date_gmt":"2023-05-04T16:13:48","guid":{"rendered":"https:\/\/leadnow.ch\/?page_id=2928"},"modified":"2025-04-11T14:32:50","modified_gmt":"2025-04-11T14:32:50","slug":"politique-de-confidentialite","status":"publish","type":"page","link":"https:\/\/leadnow.ch\/fr\/politique-de-confidentialite\/","title":{"rendered":"Politique de Confidentialit\u00e9"},"content":{"rendered":"\t\t<div data-elementor-type=\"wp-page\" data-elementor-id=\"2928\" class=\"elementor elementor-2928 elementor-3\" data-elementor-post-type=\"page\">\n\t\t\t\t<div class=\"elementor-element elementor-element-821a134 page-title-area e-flex e-con-boxed e-con e-parent\" data-id=\"821a134\" data-element_type=\"container\" data-e-type=\"container\" data-settings=\"{&quot;background_background&quot;:&quot;gradient&quot;}\">\n\t\t\t\t\t<div class=\"e-con-inner\">\n\t\t\t\t<div class=\"elementor-element elementor-element-d9f87aa elementor-widget__width-initial elementor-widget elementor-widget-heading\" data-id=\"d9f87aa\" data-element_type=\"widget\" data-e-type=\"widget\" data-widget_type=\"heading.default\">\n\t\t\t\t<div class=\"elementor-widget-container\">\n\t\t\t\t\t<h1 class=\"elementor-heading-title elementor-size-default\">Politique de Confidentialit\u00e9<\/h1>\t\t\t\t<\/div>\n\t\t\t\t<\/div>\n\t\t\t\t\t<\/div>\n\t\t\t\t<\/div>\n\t\t<div class=\"elementor-element elementor-element-5b4470e e-flex e-con-boxed e-con e-parent\" data-id=\"5b4470e\" data-element_type=\"container\" data-e-type=\"container\" data-settings=\"{&quot;background_background&quot;:&quot;classic&quot;}\">\n\t\t\t\t\t<div class=\"e-con-inner\">\n\t\t<div class=\"elementor-element elementor-element-16bbee5 e-con-full e-flex e-con e-child\" data-id=\"16bbee5\" data-element_type=\"container\" data-e-type=\"container\">\n\t\t\t\t<div class=\"elementor-element elementor-element-810a2f9 elementor-widget elementor-widget-text-editor\" data-id=\"810a2f9\" data-element_type=\"widget\" data-e-type=\"widget\" data-widget_type=\"text-editor.default\">\n\t\t\t\t<div class=\"elementor-widget-container\">\n\t\t\t\t\t\t\t\t\t<article id=\"post-3\" class=\"post-3 page type-page status-publish hentry\"><div class=\"entry-content is-layout-constrained\"><h2 class=\"wp-block-heading\"><span style=\"vertical-align: inherit;\">1. En quoi consiste cette d\u00e9claration de protection des donn\u00e9es?<\/span><\/h2><p><span style=\"vertical-align: inherit;\">Leadnow GmbH (ci-apr\u00e8s \u00e9galement \u00ab<\/span><strong><span style=\"vertical-align: inherit;\">nous<\/span><\/strong><span style=\"vertical-align: inherit;\">\u00bb, \u00ab<\/span><strong><span style=\"vertical-align: inherit;\">nous<\/span><\/strong><span style=\"vertical-align: inherit;\">\u00bb) ach\u00e8te et traite des donn\u00e9es personnelles que vous ou d&rsquo;autres personnes (appel\u00e9es \u00ab<\/span><strong><span style=\"vertical-align: inherit;\">Troisi\u00e8me<\/span><\/strong><span style=\"vertical-align: inherit;\">\u00bb) pr\u00e9occupation. Nous utilisons le terme \u00ab<\/span><strong><span style=\"vertical-align: inherit;\">donn\u00e9es<\/span><\/strong><span style=\"vertical-align: inherit;\">\u00bb ici synonyme de \u00ab<\/span><strong><span style=\"vertical-align: inherit;\">Donn\u00e9es personnelles<\/span><\/strong><span style=\"vertical-align: inherit;\">\u00bb ou \u00ab<\/span><strong><span style=\"vertical-align: inherit;\">donn\u00e9es personnelles<\/span><\/strong><span style=\"vertical-align: inherit;\">\u00bb.<\/span><\/p><p><span style=\"vertical-align: inherit;\">Dans cette d\u00e9claration de protection des donn\u00e9es, nous d\u00e9crivons ce que nous faisons de vos donn\u00e9es lorsque vous utilisez leadnow.ch (ci-apr\u00e8s collectivement \u00ab<\/span><strong><span style=\"vertical-align: inherit;\">site web<\/span><\/strong><span style=\"vertical-align: inherit;\">\u00bb), obtenir nos services ou produits, autrement nous contacter en vertu d&rsquo;un contrat, communiquer avec nous ou autrement avoir \u00e0 traiter avec nous. Si n\u00e9cessaire, nous vous informerons en temps utile en fournissant des informations \u00e9crites sur les activit\u00e9s de traitement suppl\u00e9mentaires non mentionn\u00e9es dans la pr\u00e9sente d\u00e9claration de protection des donn\u00e9es. En outre, nous pouvons vous informer s\u00e9par\u00e9ment du traitement de vos donn\u00e9es, par exemple dans des d\u00e9clarations de consentement, des conditions contractuelles, des d\u00e9clarations de protection des donn\u00e9es suppl\u00e9mentaires, des formulaires et des informations.<\/span><\/p><p><span style=\"vertical-align: inherit;\">Si vous nous fournissez ou divulguez des donn\u00e9es sur d&rsquo;autres personnes, nous supposons que vous \u00eates autoris\u00e9 \u00e0 le faire et que ces donn\u00e9es sont correctes. Vous le confirmez en soumettant des donn\u00e9es sur des tiers. Veuillez \u00e9galement vous assurer que ces tiers ont \u00e9t\u00e9 inform\u00e9s de cette d\u00e9claration de protection des donn\u00e9es.<\/span><\/p><p><span style=\"vertical-align: inherit;\">Cette d\u00e9claration de protection des donn\u00e9es est bas\u00e9e sur les exigences du R\u00e8glement G\u00e9n\u00e9ral de l&rsquo;UE sur la Protection des Donn\u00e9es (\u00ab<\/span><strong><span style=\"vertical-align: inherit;\">DSGMO<\/span><\/strong><span style=\"vertical-align: inherit;\">\u00bb), la Loi Suisse sur la Protection des Donn\u00e9es (<\/span><a><span style=\"vertical-align: inherit;\">\u00ab<\/span><strong><span style=\"vertical-align: inherit;\">DSG<\/span><\/strong><span style=\"vertical-align: inherit;\">\u00bb<\/span><\/a><span style=\"vertical-align: inherit;\">) et le Swiss Data Protection Act r\u00e9vis\u00e9 (\u00ab<\/span><strong><span style=\"vertical-align: inherit;\">revDSG<\/span><\/strong><span style=\"vertical-align: inherit;\">\u00bb). Cependant, si et dans quelle mesure ces lois s&rsquo;appliquent d\u00e9pend du cas individuel.<\/span><\/p><h2 class=\"wp-block-heading\"><span style=\"vertical-align: inherit;\">2\u00e8me Qui est responsable du traitement de vos donn\u00e9es?<\/span><\/h2><p><span style=\"vertical-align: inherit;\">Pour le traitement des donn\u00e9es d\u00e9crites dans la pr\u00e9sente d\u00e9claration de protection des donn\u00e9es <\/span><strong><span style=\"vertical-align: inherit;\">Leadnow GmbH <\/span><\/strong><span style=\"vertical-align: inherit;\">est la loi sur la protection des donn\u00e9es Stefan Heer (directeur g\u00e9n\u00e9ral, Leadnow GmbH, Hermetschloostrasse 70, 8048 Zurich (le \u00ab<\/span><strong><span style=\"vertical-align: inherit;\">Vigne<\/span><\/strong><span style=\"vertical-align: inherit;\">\u00bb), responsable, <\/span><a><span style=\"vertical-align: inherit;\">s<\/span><\/a><span style=\"vertical-align: inherit;\">pas loin dans les cas individuels<\/span><a><span style=\"vertical-align: inherit;\">s<\/span><\/a><span style=\"vertical-align: inherit;\"> est communiqu\u00e9.<\/span><\/p><p><span style=\"vertical-align: inherit;\">Vous pouvez nous contacter pour vos pr\u00e9occupations en mati\u00e8re de protection des donn\u00e9es et pour l&rsquo;exercice de vos droits conform\u00e9ment au paragraphe 11: r\u00e9aliser<\/span><\/p><p><strong><span style=\"vertical-align: inherit;\">Stefan Heer, Leadnow GmbH<\/span><\/strong><span style=\"vertical-align: inherit;\"><strong>Hermetschloostrasse 70<\/strong><strong>CH-<\/strong><strong>8048 Zurich<\/strong><strong>stefan@leadnow.ch<\/strong><\/span><strong><br \/><\/strong><strong><br \/><\/strong><strong><br \/><\/strong><\/p><h2 class=\"wp-block-heading\"><span style=\"vertical-align: inherit;\">3\u00e8me\u00a0Quelles donn\u00e9es traitons-nous?<\/span><\/h2><p><span style=\"vertical-align: inherit;\">Nous traitons diff\u00e9rentes cat\u00e9gories de donn\u00e9es vous concernant. Les principales cat\u00e9gories sont les suivantes:<\/span><\/p><ul class=\"wp-block-list\"><li><span style=\"vertical-align: inherit;\">: Si vous utilisez notre site Web ou d&rsquo;autres offres \u00e9lectroniques, nous collectons l&rsquo;adresse IP de votre appareil et d&rsquo;autres donn\u00e9es techniques pour assurer la fonctionnalit\u00e9 et la s\u00e9curit\u00e9 de ces offres. Ces donn\u00e9es incluent \u00e9galement les protocoles dans lesquels l&rsquo;utilisation de nos syst\u00e8mes est enregistr\u00e9e. Nous conservons g\u00e9n\u00e9ralement des donn\u00e9es techniques pour <\/span><strong><span style=\"vertical-align: inherit;\">6<\/span><\/strong><span style=\"vertical-align: inherit;\">Mois apr\u00e8s. Pour assurer la fonctionnalit\u00e9 de ces offres, nous pouvons vous proposer ou Attribuez un code individuel \u00e0 votre terminal (par exemple, sous la forme d&rsquo;un cookie, voir par. 12). Les donn\u00e9es techniques \u00e0 elles seules ne permettent g\u00e9n\u00e9ralement pas de tirer des conclusions sur votre identit\u00e9. Toutefois, dans le cadre de comptes utilisateurs, d&rsquo;inscriptions, de contr\u00f4les d&rsquo;acc\u00e8s ou de l&rsquo;ex\u00e9cution de contrats, ils peuvent \u00eatre li\u00e9s \u00e0 d&rsquo;autres cat\u00e9gories de donn\u00e9es (et donc \u00e9ventuellement \u00e0 votre personne).<\/span><\/li><\/ul><p><span style=\"vertical-align: inherit;\">Plus<\/span><\/p><p><span style=\"vertical-align: inherit;\">\u00c0 la <\/span><strong><span style=\"vertical-align: inherit;\">donn\u00e9es techniques<\/span><\/strong><span style=\"vertical-align: inherit;\">indiquez l&rsquo;adresse IP et des informations sur le syst\u00e8me d&rsquo;exploitation de votre appareil, la date, la r\u00e9gion et l&rsquo;heure d&rsquo;utilisation ainsi que le type de navigateur avec lequel vous acc\u00e9dez \u00e0 nos offres \u00e9lectroniques. Cela peut nous aider \u00e0 envoyer la mise en forme correcte du site Web ou par exemple \u00e0 afficher un site Web adapt\u00e9 \u00e0 votre r\u00e9gion. En raison de l&rsquo;adresse IP, nous savons quel fournisseur vous utilisez pour acc\u00e9der \u00e0 nos offres (et donc aussi \u00e0 la r\u00e9gion), mais nous ne pouvons g\u00e9n\u00e9ralement pas en d\u00e9duire qui vous \u00eates. Cela change si vous cr\u00e9ez par exemple un compte utilisateur, car les donn\u00e9es personnelles peuvent ensuite \u00eatre li\u00e9es \u00e0 des donn\u00e9es techniques (par exemple, nous pouvons voir quel navigateur vous utilisez pour utiliser un compte sur notre site Web). Des exemples de donn\u00e9es techniques sont \u00e9galement des protocoles (\u00ab logs \u00bb)cela se produit dans nos syst\u00e8mes (par exemple, le journal des inscriptions des utilisateurs sur notre site Web).<\/span><\/p><ul class=\"wp-block-list\"><li><span style=\"vertical-align: inherit;\">: Certaines offres et services (par exemple, les zones de connexion de notre site Web, la livraison de la newsletter, etc.) ne peuvent \u00eatre utilis\u00e9s qu&rsquo;avec un compte d&rsquo;utilisateur ou une inscription, qui peut \u00eatre faite directement avec nous ou via nos fournisseurs de services de connexion externes. Vous devez nous fournir certaines donn\u00e9es et nous collectons des donn\u00e9es sur l&rsquo;utilisation de l&rsquo;offre ou du service. Les donn\u00e9es d&rsquo;enregistrement peuvent s&rsquo;appliquer aux contr\u00f4les d&rsquo;acc\u00e8s \u00e0 certaines installations; selon le syst\u00e8me de contr\u00f4le, les donn\u00e9es biom\u00e9triques. Nous conservons g\u00e9n\u00e9ralement les donn\u00e9es d&rsquo;enregistrement pendant <\/span><strong><span style=\"vertical-align: inherit;\">12<\/span><\/strong><span style=\"vertical-align: inherit;\"> Mois apr\u00e8s la fin de l&rsquo;utilisation du service ou la dissolution du compte utilisateur.<\/span><\/li><li><strong><span style=\"vertical-align: inherit;\">Donn\u00e9es de communication<\/span><\/strong><span style=\"vertical-align: inherit;\">: Si vous \u00eates en contact avec nous via le formulaire de contact, par e-mail, t\u00e9l\u00e9phone ou chat, par lettre ou autre moyen de communication, nous collectons les donn\u00e9es \u00e9chang\u00e9es entre vous et nous, y compris vos coordonn\u00e9es et les donn\u00e9es marginales de la communication. Si nous voulons ou devons d\u00e9terminer votre identit\u00e9, nous recueillons des donn\u00e9es pour vous identifier (par exemple, une copie d&rsquo;un ID). Nous conservons g\u00e9n\u00e9ralement ces donn\u00e9es pendant <\/span><strong><span style=\"vertical-align: inherit;\">12<\/span><\/strong><span style=\"vertical-align: inherit;\"> Mois apr\u00e8s le dernier \u00e9change avec vous. Ce d\u00e9lai peut \u00eatre plus long si cela est n\u00e9cessaire pour des raisons de preuve ou pour se conformer \u00e0 des exigences l\u00e9gales ou contractuelles ou si cela est techniquement n\u00e9cessaire. Les courriels dans les bo\u00eetes aux lettres personnelles et la correspondance \u00e9crite sont g\u00e9n\u00e9ralement au moins <\/span><strong><span style=\"vertical-align: inherit;\">10<\/span><\/strong><span style=\"vertical-align: inherit;\">Ann\u00e9es.<\/span><\/li><li><strong><span style=\"vertical-align: inherit;\">Donn\u00e9es de base<\/span><\/strong><span style=\"vertical-align: inherit;\">: Nous nous r\u00e9f\u00e9rons aux donn\u00e9es de base dont nous avons besoin en plus des donn\u00e9es contractuelles (voir ci-dessous) pour le traitement de nos relations contractuelles et autres relations commerciales ou \u00e0 des fins de marketing et de publicit\u00e9, telles que nom, coordonn\u00e9es et informations par exemple sur votre r\u00f4le et votre fonction, vos coordonn\u00e9es bancaires (s), votre date de naissance, historique des clients, procuration, autorisations de signature et d\u00e9clarations de consentement. Nous traitons vos donn\u00e9es de base si vous \u00eates un client ou un autre contact commercial ou travaillez pour un (par exemple en tant que personne de contact pour le partenaire commercial), ou parce que nous voulons vous adresser \u00e0 nos propres fins ou aux fins d&rsquo;un partenaire contractuel (par exemple dans le cadre du marketing et de la publicit\u00e9, avec des invitations \u00e0 l&rsquo;occasion, avec des bons, avec des newsletters, etc.).Nous recevons des donn\u00e9es de base de votre part (par exemple lors de l&rsquo;achat ou de l&rsquo;inscription), de postes pour lesquels vous travaillez, ou de tiers tels que nos partenaires contractuels, associations et revendeurs d&rsquo;adresses et de sources accessibles au public telles que les registres publics ou Internet (sites Web, m\u00e9dias sociaux, etc.). Nous pouvons \u00e9galement traiter des donn\u00e9es de sant\u00e9 et des informations sur des tiers dans le cadre de donn\u00e9es de base. Nous pouvons \u00e9galement collecter des donn\u00e9es de base aupr\u00e8s de nos actionnaires et investisseurs. Nous conservons g\u00e9n\u00e9ralement ces donn\u00e9es pendant Nous pouvons \u00e9galement traiter des donn\u00e9es de sant\u00e9 et des informations sur des tiers dans le cadre de donn\u00e9es de base. Nous pouvons \u00e9galement collecter des donn\u00e9es de base aupr\u00e8s de nos actionnaires et investisseurs. Nous conservons g\u00e9n\u00e9ralement ces donn\u00e9es pendant Nous pouvons \u00e9galement traiter des donn\u00e9es de sant\u00e9 et des informations sur des tiers dans le cadre de donn\u00e9es de base. Nous pouvons \u00e9galement collecter des donn\u00e9es de base aupr\u00e8s de nos actionnaires et investisseurs. Nous conservons g\u00e9n\u00e9ralement ces donn\u00e9es pendant <\/span><strong><span style=\"vertical-align: inherit;\">10<\/span><\/strong><span style=\"vertical-align: inherit;\"> Des ann\u00e9es \u00e0 compter du dernier \u00e9change avec vous, mais au moins \u00e0 compter de la fin du contrat. Ce d\u00e9lai peut \u00eatre plus long si cela est n\u00e9cessaire pour des raisons de preuve ou pour se conformer \u00e0 des exigences l\u00e9gales ou contractuelles ou si cela est techniquement n\u00e9cessaire. Avec des contacts purement marketing et publicitaires, le d\u00e9lai est g\u00e9n\u00e9ralement beaucoup plus court, g\u00e9n\u00e9ralement pas plus que <\/span><strong><span style=\"vertical-align: inherit;\">2\u00e8me<\/span><\/strong><span style=\"vertical-align: inherit;\"> Ann\u00e9es depuis le dernier contact.<\/span><\/li><\/ul><p><span style=\"vertical-align: inherit;\">\u00c0 la <\/span><strong><span style=\"vertical-align: inherit;\">Donn\u00e9es de base<\/span><\/strong><span style=\"vertical-align: inherit;\"> des donn\u00e9es telles que nom, adresse, adresse e-mail, num\u00e9ro de t\u00e9l\u00e9phone et autres coordonn\u00e9es, sexe, date de naissance, nationalit\u00e9, informations sur des personnes li\u00e9es, sites Web, profils sur les m\u00e9dias sociaux, photos et vid\u00e9os, copies de cartes d&rsquo;identit\u00e9; plus d&rsquo;informations sur votre relation avec nous (client, fournisseur, visiteur, destinataire du service, etc.), des informations sur votre statut chez nous, missions, classifications et distributeurs, des informations sur les n\u00f4tres <\/span><strong><span style=\"vertical-align: inherit;\">interaction<\/span><\/strong><span style=\"vertical-align: inherit;\"> avec vous (\u00e9ventuellement un historique de celui-ci avec les entr\u00e9es correspondantes), des rapports (par exemple des m\u00e9dias) ou des documents officiels (par exemple des extraits du registre du commerce, des permis, etc.) qui vous concernent. Comme <\/span><strong><span style=\"vertical-align: inherit;\">D\u00e9tails de paiement<\/span><\/strong><span style=\"vertical-align: inherit;\">nous recueillons par exemple vos coordonn\u00e9es bancaires, num\u00e9ro de compte et d\u00e9tails de carte de cr\u00e9dit. Les notes d&rsquo;approbation ou de blocage font \u00e9galement partie des donn\u00e9es de base, tout comme les informations sur les tiers, par exemple les personnes de contact, les destinataires de services, les destinataires de publicit\u00e9 ou les repr\u00e9sentants.<\/span><\/p><p><span style=\"vertical-align: inherit;\">Pour les personnes de contact et les repr\u00e9sentants de notre <\/span><strong><span style=\"vertical-align: inherit;\">Clients, fournisseurs et partenaires<\/span><\/strong><span style=\"vertical-align: inherit;\"> nous traitons comme donn\u00e9es de base par exemple le nom et l&rsquo;adresse, les d\u00e9tails du r\u00f4le, la fonction dans l&rsquo;entreprise, les qualifications et, le cas \u00e9ch\u00e9ant, des informations sur les sup\u00e9rieurs, les employ\u00e9s et les subordonn\u00e9s et des informations sur les interactions avec ces personnes.<\/span><\/p><p><span style=\"vertical-align: inherit;\">Les donn\u00e9es de base ne sont pas collect\u00e9es de mani\u00e8re exhaustive pour tous les contacts. Les donn\u00e9es que nous collectons en d\u00e9tail d\u00e9pendent en particulier de la finalit\u00e9 du traitement.<\/span><\/p><ul class=\"wp-block-list\"><li><strong><span style=\"vertical-align: inherit;\">Donn\u00e9es du contrat<\/span><\/strong><span style=\"vertical-align: inherit;\">: Il s&rsquo;agit de donn\u00e9es qui d\u00e9coulent de la conclusion d&rsquo;un contrat ou de l&rsquo;ex\u00e9cution du contrat, par exemple des informations sur les contrats et les services \u00e0 fournir ou \u00e0 rendre, ainsi que des donn\u00e9es provenant de l&rsquo;avance de la conclusion d&rsquo;un contrat, des informations requises ou utilis\u00e9es pour le traitement et des informations sur les r\u00e9actions. Nous collectons g\u00e9n\u00e9ralement ces donn\u00e9es aupr\u00e8s de vous, de partenaires contractuels et de tiers impliqu\u00e9s dans l&rsquo;ex\u00e9cution du contrat, mais \u00e9galement aupr\u00e8s de sources tierces (par exemple, fournisseurs de donn\u00e9es de solvabilit\u00e9) et de sources accessibles au public. Nous conservons g\u00e9n\u00e9ralement ces donn\u00e9es pendant <\/span><strong><span style=\"vertical-align: inherit;\">10<\/span><\/strong><span style=\"vertical-align: inherit;\"> Des ann\u00e9es \u00e0 compter de la derni\u00e8re activit\u00e9 contractuelle, mais au moins \u00e0 compter de la fin du contrat. Ce d\u00e9lai peut \u00eatre plus long si cela est n\u00e9cessaire pour des raisons de preuve ou pour se conformer \u00e0 des exigences l\u00e9gales ou contractuelles ou si cela est techniquement n\u00e9cessaire<\/span><a><span style=\"vertical-align: inherit;\">.<\/span><\/a><\/li><li><strong><span style=\"vertical-align: inherit;\">Donn\u00e9es comportementales et de pr\u00e9f\u00e9rence<\/span><\/strong><span style=\"vertical-align: inherit;\">: En fonction de la relation que nous entretenons avec vous, nous essayons de mieux vous conna\u00eetre et de mieux aligner nos produits, services et offres avec vous. Pour ce faire, nous collectons et utilisons des donn\u00e9es sur votre comportement et vos pr\u00e9f\u00e9rences. Nous le faisons en \u00e9valuant les informations sur votre comportement dans notre r\u00e9gion, et nous pouvons \u00e9galement compl\u00e9ter ces informations avec des informations provenant de tiers \u2013 provenant de sources accessibles au public \u2013. Sur cette base, nous pouvons calculer la probabilit\u00e9 que vous utiliserez certains services ou que vous vous comporterez d&rsquo;une certaine mani\u00e8re. Nous connaissons d\u00e9j\u00e0 partiellement les donn\u00e9es trait\u00e9es (par exemple, si vous utilisez nos services) ou nous obtenons ces donn\u00e9es en enregistrant votre comportement (par exemple, comment vous naviguez sur notre site Web).Nous anonymisons ou supprimons ces donn\u00e9es si elles ne sont plus significatives aux fins poursuivies, en fonction du type de donn\u00e9es entre <\/span><strong><span style=\"vertical-align: inherit;\">2-3<\/span><\/strong><span style=\"vertical-align: inherit;\"> Semaines et <\/span><strong><span style=\"vertical-align: inherit;\">[<\/span><\/strong><span style=\"vertical-align: inherit;\">24<\/span><strong><span style=\"vertical-align: inherit;\">]<\/span><\/strong><span style=\"vertical-align: inherit;\"> Mois (pour les pr\u00e9f\u00e9rences de produit et de service). Ce d\u00e9lai peut \u00eatre plus long si cela est n\u00e9cessaire pour des raisons de preuve ou pour se conformer \u00e0 des exigences l\u00e9gales ou contractuelles ou si cela est techniquement n\u00e9cessaire. Nous d\u00e9crivons dans la section comment le suivi fonctionne sur notre site Web<\/span><a><span style=\"vertical-align: inherit;\">. <\/span><\/a><span style=\"vertical-align: inherit;\">12.<\/span><\/li><li><strong><span style=\"vertical-align: inherit;\">Autres donn\u00e9es<\/span><\/strong><span style=\"vertical-align: inherit;\">: Nous collectons \u00e9galement des donn\u00e9es vous concernant dans d&rsquo;autres situations. Dans le cadre de proc\u00e9dures officielles ou judiciaires, par exemple, des donn\u00e9es sont g\u00e9n\u00e9r\u00e9es (telles que des fichiers, des preuves, etc.) qui peuvent \u00e9galement vous r\u00e9f\u00e9rer. Pour des raisons de protection de la sant\u00e9, nous pouvons \u00e9galement collecter des donn\u00e9es (par exemple dans le cadre de concepts de protection). Nous pouvons recevoir ou produire des photos, des vid\u00e9os et des enregistrements sonores dans lesquels vous pouvez \u00eatre reconnu (par exemple, par des cam\u00e9ras de s\u00e9curit\u00e9, etc.). Nous pouvons \u00e9galement collecter des donn\u00e9es sur qui entre dans certains b\u00e2timents et quand ou a des droits d&rsquo;acc\u00e8s correspondants (y compris les contr\u00f4les d&rsquo;acc\u00e8s, bas\u00e9s sur les donn\u00e9es d&rsquo;enregistrement ou les listes de visiteurs, etc.), qui participe \u00e0 des \u00e9v\u00e9nements ou des actions, quand ou qui utilise notre infrastructure et nos syst\u00e8mes et quand.Enfin, nous collectons et traitons des donn\u00e9es sur nos actionnaires et autres investisseurs; en plus des donn\u00e9es de base, celles-ci incluent Informations pour les registres correspondants, concernant l&rsquo;exercice de leurs droits et la mise en \u0153uvre d&rsquo;\u00e9v\u00e9nements (par exemple, assembl\u00e9es g\u00e9n\u00e9rales). La dur\u00e9e de conservation de ces donn\u00e9es d\u00e9pend de la finalit\u00e9 et est limit\u00e9e \u00e0 ce qui est n\u00e9cessaire. Cela varie de quelques jours pour de nombreuses cam\u00e9ras de s\u00e9curit\u00e9 et g\u00e9n\u00e9ralement de quelques semaines pour les donn\u00e9es de suivi des contacts via les donn\u00e9es des visiteurs, ce qui est g\u00e9n\u00e9ralement le cas Cela varie de quelques jours pour de nombreuses cam\u00e9ras de s\u00e9curit\u00e9 et g\u00e9n\u00e9ralement de quelques semaines pour les donn\u00e9es de suivi des contacts via les donn\u00e9es des visiteurs, ce qui est g\u00e9n\u00e9ralement le cas Cela varie de quelques jours pour de nombreuses cam\u00e9ras de s\u00e9curit\u00e9 et g\u00e9n\u00e9ralement de quelques semaines pour les donn\u00e9es de suivi des contacts via les donn\u00e9es des visiteurs, ce qui est g\u00e9n\u00e9ralement le cas <\/span><strong><span style=\"vertical-align: inherit;\">3\u00e8me<\/span><\/strong><span style=\"vertical-align: inherit;\"> Les mois sont tenus \u00e0 des rapports d&rsquo;occasions avec des photos qui peuvent \u00eatre conserv\u00e9s pendant quelques ann\u00e9es ou plus. Les donn\u00e9es vous concernant en tant qu&rsquo;actionnaire ou autre investisseur seront conserv\u00e9es conform\u00e9ment au droit des soci\u00e9t\u00e9s, mais dans tous les cas tant que vous \u00eates investi.<\/span><\/li><\/ul><p><a><span style=\"vertical-align: inherit;\">Une grande partie de la dans cette section <\/span><\/a><span style=\"vertical-align: inherit;\">Vous nous fournissez les donn\u00e9es mentionn\u00e9es (par exemple via des formulaires, dans le cadre de la communication avec nous, dans le cadre de contrats, lors de l&rsquo;utilisation du site Web, etc.). Vous n&rsquo;\u00eates pas oblig\u00e9 de le faire, sous r\u00e9serve de cas individuels, par exemple dans le cadre de concepts de protection contraignants (obligations l\u00e9gales). Si vous souhaitez conclure des contrats avec nous ou r\u00e9clamer des services, vous devez \u00e9galement nous fournir des donn\u00e9es dans le cadre de votre obligation contractuelle conform\u00e9ment au contrat concern\u00e9, en particulier les donn\u00e9es de base, de contrat et d&rsquo;enregistrement. Lors de l&rsquo;utilisation de notre site Web, le traitement des donn\u00e9es techniques est in\u00e9vitable. Si vous souhaitez avoir acc\u00e8s \u00e0 certains syst\u00e8mes ou b\u00e2timents, vous devez nous fournir des donn\u00e9es d&rsquo;enregistrement<\/span><a><span style=\"vertical-align: inherit;\">. <\/span><\/a><span style=\"vertical-align: inherit;\">Cependant, avec les donn\u00e9es de comportement et de pr\u00e9f\u00e9rences, vous avez essentiellement la possibilit\u00e9 de contredire ou de ne pas donner votre consentement.<\/span><\/p><p><span style=\"vertical-align: inherit;\">Dans la mesure o\u00f9 cela n&rsquo;est pas irrecevable, nous prenons \u00e9galement des donn\u00e9es provenant de sources accessibles au public ou recevons des donn\u00e9es d&rsquo;autorit\u00e9s et d&rsquo;autres tiers.<\/span><\/p><p><span style=\"vertical-align: inherit;\">Les cat\u00e9gories de donn\u00e9es personnelles que nous<\/span><strong><span style=\"vertical-align: inherit;\"> re\u00e7u de tiers \u00e0 votre sujet<\/span><\/strong><span style=\"vertical-align: inherit;\">, inclure notamment des informations provenant de registres publics, des informations que nous apprenons dans le cadre de proc\u00e9dures officielles et judiciaires, des informations relatives \u00e0 leurs fonctions et activit\u00e9s professionnelles (afin que nous puissions, par exemple, conclure et faire des affaires avec votre employeur avec votre aide), des informations vous concernant en correspondance et r\u00e9unions avec des tiers, des informations de cr\u00e9dit (dans la mesure o\u00f9 nous faisons affaire avec vous personnellement), des informations vous concernant qui nous fournissent des personnes de votre environnement (famille, consultants, repr\u00e9sentants l\u00e9gaux, etc.) afin que nous puissions conclure ou traiter des contrats avec vous ou avec votre participation (par exemple, vos r\u00e9f\u00e9rences, votre adresse pour les livraisons, procuration, informations sur le respect des exigences l\u00e9gales telles que la fraude, le blanchiment d&rsquo;argent et les restrictions \u00e0 l&rsquo;exportation et la lutte contre le terrorisme, etcLes informations des banques, des compagnies d&rsquo;assurance et des partenaires commerciaux et autres partenaires contractuels de notre part sur l&rsquo;utilisation ou la fourniture de services par vous (par exemple, paiements, achats, etc.), les informations des m\u00e9dias et d&rsquo;Internet \u00e0 votre sujet (dans la mesure o\u00f9 cela est indiqu\u00e9 dans le cas sp\u00e9cifique, par exemple dans le cadre d&rsquo;une application, marketing \/ventes, revue de presse, etc.), votre adresse et tous int\u00e9r\u00eats et autres donn\u00e9es socio-d\u00e9mographiques (esp. pour le marketing et la recherche) et les donn\u00e9es relatives \u00e0 l&rsquo;utilisation de sites Web externes et d&rsquo;offres en ligne o\u00f9 cette utilisation peut vous \u00eatre attribu\u00e9e.dans le cadre d&rsquo;une application, marketing \/ventes, revue de presse, etc.), votre adresse et tous les int\u00e9r\u00eats et autres donn\u00e9es socio-d\u00e9mographiques (en particulier pour le marketing et la recherche) et des donn\u00e9es relatives \u00e0 l&rsquo;utilisation de sites Web externes et des offres en ligne, o\u00f9 cette utilisation peut vous \u00eatre attribu\u00e9e.dans le cadre d&rsquo;une application, marketing \/ventes, revue de presse, etc.), votre adresse et tous les int\u00e9r\u00eats et autres donn\u00e9es socio-d\u00e9mographiques (en particulier pour le marketing et la recherche) et des donn\u00e9es relatives \u00e0 l&rsquo;utilisation de sites Web externes et des offres en ligne, o\u00f9 cette utilisation peut vous \u00eatre attribu\u00e9e.<\/span><\/p><h2 class=\"wp-block-heading\"><span style=\"vertical-align: inherit;\">4\u00e8me \u00c0 quelles fins traitons-nous vos donn\u00e9es?<\/span><\/h2><p><span style=\"vertical-align: inherit;\">Nous traitons vos donn\u00e9es aux fins que nous expliquons ci-dessous. De plus amples informations pour la zone en ligne peuvent \u00eatre trouv\u00e9es dans la section<\/span><a><span style=\"vertical-align: inherit;\">. <\/span><\/a><span style=\"vertical-align: inherit;\">12 Et 13. Ces finalit\u00e9s ou les finalit\u00e9s sous-jacentes repr\u00e9sentent des int\u00e9r\u00eats l\u00e9gitimes de notre part et, le cas \u00e9ch\u00e9ant, de tiers. Vous trouverez de plus amples informations sur la base juridique de notre traitement par. 5.<\/span><\/p><p><span style=\"vertical-align: inherit;\">Nous traitons vos donn\u00e9es \u00e0 des fins li\u00e9es \u00e0 la<\/span><strong><span style=\"vertical-align: inherit;\"> Communication avec vous<\/span><\/strong><span style=\"vertical-align: inherit;\">&lsquo;, surtout pour r\u00e9pondre<\/span> <span style=\"vertical-align: inherit;\">Demandes de renseignements et affirmation de vos droits (article 11) et pour vous contacter pour toute question. Pour cela, nous utilisons notamment des donn\u00e9es de communication et des donn\u00e9es de base ainsi que des donn\u00e9es d&rsquo;enregistrement en relation avec les offres et services que vous utilisez. Nous conservons ces donn\u00e9es pour documenter notre communication avec vous, \u00e0 des fins de formation, d&rsquo;assurance qualit\u00e9 et de demandes de renseignements.<\/span><\/p><p><span style=\"vertical-align: inherit;\">Nous traitons les donn\u00e9es pour l&rsquo;enregistrement, l&rsquo;administration et le traitement de<\/span><strong><span style=\"vertical-align: inherit;\"> Les relations contractuelles<\/span><\/strong><span style=\"vertical-align: inherit;\">.<\/span><\/p><p><span style=\"vertical-align: inherit;\">Nous traitons les donn\u00e9es pour <\/span><strong><span style=\"vertical-align: inherit;\">Finalit\u00e9s marketing <\/span><\/strong><span style=\"vertical-align: inherit;\">et \u00e0<\/span><strong><span style=\"vertical-align: inherit;\"> Soins relationnels<\/span><\/strong><span style=\"vertical-align: inherit;\">, par exemple, pour envoyer \u00e0 nos clients et autres partenaires contractuels une publicit\u00e9 personnalis\u00e9e sur les produits et services de notre part et de tiers. Cela peut par exemple se faire sous forme de newsletters et autres contacts r\u00e9guliers (\u00e9lectroniques, par courrier, par t\u00e9l\u00e9phone), via d&rsquo;autres canaux pour lesquels nous avons des informations de contact de votre part, mais aussi dans le cadre de campagnes de marketing individuelles (par exemple, \u00e9v\u00e9nements, concours, etc.) et de services gratuits inclus (par exemple, invitations, bons, etc.). Vous pouvez refuser de tels contacts \u00e0 tout moment (voir \u00e0 la fin de cette section 4) ou refuser ou r\u00e9voquer votre consentement \u00e0 nous contacter \u00e0 des fins publicitaires. Avec votre consentement, nous pouvons adapter notre publicit\u00e9 en ligne sur Internet de mani\u00e8re plus cibl\u00e9e (pour cela non. 12). <\/span><\/p><p><span style=\"vertical-align: inherit;\">Nous continuons \u00e0 traiter vos donn\u00e9es<\/span><strong><span style=\"vertical-align: inherit;\"> \u00c9tude de march\u00e9<\/span><\/strong><span style=\"vertical-align: inherit;\">, \u00e0 <\/span><strong><span style=\"vertical-align: inherit;\">Am\u00e9liorer nos services et nos op\u00e9rations<\/span><\/strong><span style=\"vertical-align: inherit;\"> et \u00e0<\/span><strong><span style=\"vertical-align: inherit;\"> D\u00e9veloppement de produits<\/span><\/strong><span style=\"vertical-align: inherit;\">.<\/span><\/p><p><span style=\"vertical-align: inherit;\">Nous pouvons \u00e9galement utiliser vos donn\u00e9es <\/span><strong><span style=\"vertical-align: inherit;\">S\u00e9curit\u00e9 \u00e0 des fins<\/span><\/strong><span style=\"vertical-align: inherit;\"> et pour cela <\/span><strong><span style=\"vertical-align: inherit;\">Contr\u00f4le d&rsquo;acc\u00e8s<\/span><\/strong><span style=\"vertical-align: inherit;\"> modifier.<\/span><\/p><p><span style=\"vertical-align: inherit;\">Nous traitons les donn\u00e9es personnelles pour <\/span><strong><span style=\"vertical-align: inherit;\">Respect des lois, instructions et recommandations des autorit\u00e9s et des r\u00e8glements internes<\/span><\/strong><span style=\"vertical-align: inherit;\"> (\u00ab<\/span><strong><span style=\"vertical-align: inherit;\">conformit\u00e9<\/span><\/strong><span style=\"vertical-align: inherit;\">\u00bb).<\/span><\/p><p><span style=\"vertical-align: inherit;\">Nous traitons \u00e9galement des donn\u00e9es aux fins de notre <\/span><strong><span style=\"vertical-align: inherit;\">Gestion des risques<\/span><\/strong><span style=\"vertical-align: inherit;\"> et dans le cadre d&rsquo;une <\/span><strong><span style=\"vertical-align: inherit;\">Gestion d&rsquo;entreprise<\/span><\/strong><span style=\"vertical-align: inherit;\">, y compris l&rsquo;organisation de l&rsquo;entreprise et le d\u00e9veloppement de l&rsquo;entreprise.<\/span><\/p><p><span style=\"vertical-align: inherit;\">Nous pouvons fournir vos donn\u00e9es <\/span><strong><span style=\"vertical-align: inherit;\">\u00e0 d&rsquo;autres fins <\/span><\/strong><span style=\"vertical-align: inherit;\">modifier, par exemple dans le cadre de nos processus internes et de notre administration ou \u00e0 des fins de formation et d&rsquo;assurance de la qualit\u00e9.<\/span><\/p><h2 class=\"wp-block-heading\"><span style=\"vertical-align: inherit;\">5.\u00a0Sur quelle base traitons-nous vos donn\u00e9es?<\/span><\/h2><p><span style=\"vertical-align: inherit;\">Dans la mesure du possible pour certaines modifications autour de votre <\/span><strong><span style=\"vertical-align: inherit;\">consentement<\/span><\/strong><span style=\"vertical-align: inherit;\"> nous vous informerons s\u00e9par\u00e9ment des finalit\u00e9s de traitement correspondantes. Vous pouvez r\u00e9voquer votre consentement \u00e0 tout moment par un avis \u00e9crit (postal) ou, sauf indication contraire ou convenu, par e-mail \u00e0 nous \u00e0 tout moment avec effet futur; vous pouvez trouver nos coordonn\u00e9es au par.<\/span> <span style=\"vertical-align: inherit;\">2\u00e8me Pour la r\u00e9vocation de votre consentement au suivi en ligne cf. No. 12. Lorsque vous avez un compte utilisateur, une r\u00e9vocation ou un contact avec nous peut \u00e9galement \u00eatre effectu\u00e9 via le site Web ou un autre service en question. D\u00e8s que nous avons re\u00e7u la notification de la r\u00e9vocation de votre consentement, nous ne traiterons plus vos donn\u00e9es aux fins que vous avez initialement convenues, sauf si nous avons une base juridique diff\u00e9rente pour cela.La r\u00e9vocation de votre consentement n&rsquo;affecte pas la l\u00e9galit\u00e9 du traitement effectu\u00e9 sur la base de votre consentement jusqu&rsquo;\u00e0 la r\u00e9vocation.<\/span><\/p><p><span style=\"vertical-align: inherit;\">Lorsque nous ne demandons pas votre consentement pour le traitement, nous basons le traitement de vos donn\u00e9es personnelles sur le fait que le traitement pour le traitement <\/span><strong><span style=\"vertical-align: inherit;\">Initiation ou ex\u00e9cution d&rsquo;un contrat<\/span><\/strong><span style=\"vertical-align: inherit;\"> avec vous (ou le corps que vous repr\u00e9sentez) ou que nous ou des tiers <\/span><strong><span style=\"vertical-align: inherit;\">int\u00e9r\u00eat l\u00e9gitime<\/span><\/strong><span style=\"vertical-align: inherit;\"> avoir sur elle, en particulier \u00e0 ce qui pr\u00e9c\u00e8de sous le no 4 pour poursuivre les buts d\u00e9crits et les objectifs associ\u00e9s et \u00eatre en mesure de mettre en \u0153uvre des mesures appropri\u00e9es. Nos int\u00e9r\u00eats l\u00e9gitimes incluent \u00e9galement le respect de <\/span><strong><span style=\"vertical-align: inherit;\">r\u00e8glements juridiques<\/span><\/strong><span style=\"vertical-align: inherit;\">, sauf si cela est d\u00e9j\u00e0 reconnu par la loi applicable en mati\u00e8re de protection des donn\u00e9es comme base juridique (par exemple, chez DSGVO, la loi dans l&rsquo;EEE et en Suisse). Mais cela inclut \u00e9galement la commercialisation de nos produits et services, l&rsquo;int\u00e9r\u00eat de mieux comprendre nos march\u00e9s et de diriger et d\u00e9velopper notre entreprise, y compris ses op\u00e9rations op\u00e9rationnelles, en toute s\u00e9curit\u00e9 et efficacement.<\/span><\/p><p><span style=\"vertical-align: inherit;\">Si nous recevons des donn\u00e9es sensibles (par exemple des donn\u00e9es de sant\u00e9, des informations sur des opinions politiques, religieuses ou id\u00e9ologiques ou des donn\u00e9es biom\u00e9triques pour l&rsquo;identification), nous pouvons \u00e9galement traiter vos donn\u00e9es sur la base d&rsquo;autres bases juridiques, par exemple en cas de litiges dus \u00e0 la n\u00e9cessit\u00e9 de traiter tout processus ou de faire respecter ou de d\u00e9fendre contre <\/span><strong><span style=\"vertical-align: inherit;\">Les revendications juridiques<\/span><\/strong><span style=\"vertical-align: inherit;\">. Dans des cas individuels, d&rsquo;autres raisons juridiques peuvent entrer en jeu, que nous vous communiquerons s\u00e9par\u00e9ment si n\u00e9cessaire.<\/span><\/p><h2 class=\"wp-block-heading\"><span style=\"vertical-align: inherit;\">6.\u00a0Qu&rsquo;est-ce qui s&rsquo;applique au profilage et aux d\u00e9cisions individuelles automatis\u00e9es?<\/span><\/h2><p><span style=\"vertical-align: inherit;\">Nous pouvons d\u00e9terminer certaines de vos caract\u00e9ristiques personnelles aux fins mentionn\u00e9es au paragraphe 4 \u00e9valuer automatiquement en fonction de vos donn\u00e9es (section 3) (\u00ab Profiling \u00bb) si nous voulons d\u00e9terminer les donn\u00e9es de pr\u00e9f\u00e9rence<\/span><a><span style=\"vertical-align: inherit;\">, <\/span><\/a><span style=\"vertical-align: inherit;\">mais aussi pour d\u00e9terminer les risques d&rsquo;abus et de s\u00e9curit\u00e9, pour effectuer des \u00e9valuations statistiques ou \u00e0 des fins de planification op\u00e9rationnelle.<\/span> <span style=\"vertical-align: inherit;\">Nous pouvons \u00e9galement cr\u00e9er des profils aux m\u00eames fins, c&rsquo;est-\u00e0-dire que nous pouvons combiner des donn\u00e9es comportementales et de pr\u00e9f\u00e9rences, mais aussi des donn\u00e9es de base et contractuelles et des donn\u00e9es techniques qui vous sont attribu\u00e9es, afin de mieux vous comprendre en tant que personne ayant ses diff\u00e9rents int\u00e9r\u00eats et autres caract\u00e9ristiques. Cependant, nous pouvons \u00e9galement cr\u00e9er anonyme et \u2013 avec votre consentement \u2013 profils de mouvement personnalis\u00e9s de votre part.<\/span><\/p><p><span style=\"vertical-align: inherit;\">Dans les deux cas, nous accordons une attention particuli\u00e8re \u00e0 la proportionnalit\u00e9 et \u00e0 la fiabilit\u00e9 des r\u00e9sultats et prenons des mesures contre l&rsquo;utilisation abusive de ces profils ou le profilage. Si ces effets juridiques ou inconv\u00e9nients importants pour vous, nous fournissons g\u00e9n\u00e9ralement un examen manuel.<\/span><\/p><h2 class=\"wp-block-heading\"><span style=\"vertical-align: inherit;\">7. \u00c0 qui divulguons-nous vos donn\u00e9es?<\/span><\/h2><p><span style=\"vertical-align: inherit;\">Dans le cadre de nos contrats, du site Web, de nos services et produits, de nos obligations l\u00e9gales ou autrement pour prot\u00e9ger nos int\u00e9r\u00eats l\u00e9gitimes et les autres objectifs \u00e9num\u00e9r\u00e9s au paragraphe 4, nous transmettons \u00e9galement vos donn\u00e9es personnelles \u00e0 des tiers, en particulier aux cat\u00e9gories de destinataires suivantes:<\/span><\/p><ul class=\"wp-block-list\"><li><strong><span style=\"vertical-align: inherit;\">Prestataire de services<\/span><\/strong><span style=\"vertical-align: inherit;\">: Nous travaillons avec des prestataires de services en Allemagne et \u00e0 l&rsquo;\u00e9tranger qui, en notre nom ou en responsabilit\u00e9 partag\u00e9e, traitent des donn\u00e9es vous concernant avec nous ou re\u00e7oivent des donn\u00e9es vous concernant de notre part sous notre propre responsabilit\u00e9.<\/span><\/li><li><span style=\"vertical-align: inherit;\">Tout d&rsquo;abord, les clients) et d&rsquo;autres partenaires contractuels de nous sont destin\u00e9s parce que cette transmission de donn\u00e9es r\u00e9sulte de ces contrats. Si vous travaillez vous-m\u00eame pour un tel partenaire contractuel, nous pouvons \u00e9galement transmettre des donn\u00e9es vous concernant dans ce contexte. Les destinataires comprennent \u00e9galement les partenaires contractuels avec lesquels nous coop\u00e9rons ou qui font de la publicit\u00e9 pour nous et \u00e0 qui nous transmettons donc des donn\u00e9es vous concernant \u00e0 des fins d&rsquo;analyse et de marketing (ce qui peut \u00eatre \u00e0 son tour des fournisseurs de services, mais aussi des sponsors et des fournisseurs de publicit\u00e9 en ligne, par exemple). Nous demandons \u00e0 ces partenaires de vous envoyer de la publicit\u00e9 uniquement ou de la diffuser en fonction de vos donn\u00e9es si vous y avez consenti (pour l&rsquo;espace en ligne, voir par.\u00a012).<\/span><\/li><\/ul><ul class=\"wp-block-list\"><li><strong><span style=\"vertical-align: inherit;\">autorit\u00e9s<\/span><\/strong><span style=\"vertical-align: inherit;\">: Nous pouvons transmettre des donn\u00e9es personnelles \u00e0 des bureaux, des tribunaux et d&rsquo;autres autorit\u00e9s au pays et \u00e0 l&rsquo;\u00e9tranger si nous sommes l\u00e9galement oblig\u00e9s ou autoris\u00e9s \u00e0 le faire ou si cela semble n\u00e9cessaire pour prot\u00e9ger nos int\u00e9r\u00eats. Les autorit\u00e9s traitent les donn\u00e9es vous concernant qu&rsquo;elles re\u00e7oivent de notre part sous leur propre responsabilit\u00e9.<\/span><\/li><li><strong><span style=\"vertical-align: inherit;\">Autres personnes<\/span><\/strong><span style=\"vertical-align: inherit;\">: Il s&rsquo;agit d&rsquo;autres cas o\u00f9 l&rsquo;inclusion de tiers dans les objectifs \u00e9nonc\u00e9s au paragraphe 4 r\u00e9sulte<\/span><\/li><\/ul><p><span style=\"vertical-align: inherit;\">Toutes ces cat\u00e9gories de destinataires peuvent \u00e0 leur tour impliquer des tiers, de sorte que vos donn\u00e9es puissent \u00e9galement leur \u00eatre accessibles. Nous pouvons restreindre le traitement par certains tiers (par exemple, les fournisseurs de TI), mais pas ceux d&rsquo;autres tiers (par exemple, les autorit\u00e9s, les banques, etc.).<\/span><\/p><p><span style=\"vertical-align: inherit;\">Nous permettons \u00e9galement <\/span><strong><span style=\"vertical-align: inherit;\">certains tiers<\/span><\/strong><span style=\"vertical-align: inherit;\">, sur notre site Web et \u00e0 nos propres occasions<\/span><strong><span style=\"vertical-align: inherit;\"> Donn\u00e9es personnelles de vous<\/span><\/strong><span style=\"vertical-align: inherit;\"> \u00e0 collecter (par exemple, les photographes de m\u00e9dias, les fournisseurs d&rsquo;outils que nous avons int\u00e9gr\u00e9s sur notre site Web, etc.). \u00c0 moins que nous ne soyons impliqu\u00e9s de mani\u00e8re d\u00e9cisive dans ces collectes de donn\u00e9es, ces tiers en sont les seuls responsables. Si vous avez des pr\u00e9occupations ou faites valoir vos droits en mati\u00e8re de protection des donn\u00e9es, veuillez contacter directement ces tiers. Voir le num\u00e9ro 12 pour le site.<\/span><\/p><h2 class=\"wp-block-heading\"><span style=\"vertical-align: inherit;\">8\u00e8me.\u00a0Vos donn\u00e9es personnelles vont-elles \u00e9galement \u00e0 l&rsquo;\u00e9tranger?<\/span><\/h2><p><span style=\"vertical-align: inherit;\">Comme expliqu\u00e9 au paragraphe 7, nous divulguons \u00e9galement des donn\u00e9es \u00e0 d&rsquo;autres organismes. Ce n&rsquo;est pas seulement en Suisse. Vos donn\u00e9es peuvent donc \u00eatre trait\u00e9es \u00e0 la fois en Europe et aux \u00c9tats-Unis; dans des cas exceptionnels, cependant, dans tous les pays du monde.<\/span><\/p><p><span style=\"vertical-align: inherit;\">Si un destinataire se trouve dans un pays sans protection juridique ad\u00e9quate des donn\u00e9es, nous obligeons contractuellement le destinataire \u00e0 respecter la protection des donn\u00e9es applicable (nous utilisons les clauses contractuelles types r\u00e9vis\u00e9es de la Commission europ\u00e9enne <\/span><a><span style=\"vertical-align: inherit;\">celui-ci: https:\/\/eur-lex.europa.eu\/eli\/dec_impl\/2021\/914\/oj? <\/span><\/a><span style=\"vertical-align: inherit;\">sont disponibles), sauf si elles sont d\u00e9j\u00e0 soumises \u00e0 un ensemble de r\u00e8gles l\u00e9galement reconnues pour assurer la protection des donn\u00e9es et nous ne pouvons pas compter sur une exception. Une exception peut s&rsquo;appliquer en particulier aux proc\u00e9dures judiciaires \u00e0 l&rsquo;\u00e9tranger, mais \u00e9galement dans les cas d&rsquo;int\u00e9r\u00eat public imp\u00e9rieux ou si l&rsquo;ex\u00e9cution d&rsquo;un contrat n\u00e9cessite une telle divulgation, si vous avez donn\u00e9 votre consentement ou s&rsquo;il s&rsquo;agit de donn\u00e9es que vous avez rendues g\u00e9n\u00e9ralement accessibles, dont vous n&rsquo;avez pas contest\u00e9 le traitement.<\/span><\/p><p><span style=\"vertical-align: inherit;\">Veuillez \u00e9galement noter que les donn\u00e9es \u00e9chang\u00e9es sur Internet sont souvent transmises par des pays tiers. Vos donn\u00e9es peuvent donc \u00e9galement aller \u00e0 l&rsquo;\u00e9tranger si l&rsquo;exp\u00e9diteur et le destinataire sont dans le m\u00eame pays.<\/span><\/p><h2 class=\"wp-block-heading\"><span style=\"vertical-align: inherit;\">9.\u00a0Combien de temps traitons-nous vos donn\u00e9es?<\/span><\/h2><p><span style=\"vertical-align: inherit;\">Nous traitons vos donn\u00e9es tant que nos finalit\u00e9s de traitement, les d\u00e9lais de conservation l\u00e9gaux et nos int\u00e9r\u00eats l\u00e9gitimes en mati\u00e8re de traitement \u00e0 des fins de documentation et de preuve l&rsquo;exigent ou que leur stockage est technique. De plus amples informations sur les dur\u00e9es respectives de stockage et de traitement sont disponibles dans les diff\u00e9rentes cat\u00e9gories de donn\u00e9es par.<\/span><a> \u00a0<\/a><span style=\"vertical-align: inherit;\">3 Ou pour les cat\u00e9gories de cookies en no. 12. En l&rsquo;absence d&rsquo;obligations l\u00e9gales ou contractuelles, nous supprimerons ou anonymiserons vos donn\u00e9es apr\u00e8s l&rsquo;expiration de la p\u00e9riode de stockage ou de traitement dans le cadre de nos processus habituels.<\/span><\/p><h2 class=\"wp-block-heading\"><span style=\"vertical-align: inherit;\">10.\u00a0Comment prot\u00e9geons-nous vos donn\u00e9es?<\/span><\/h2><p><span style=\"vertical-align: inherit;\">Nous prenons les mesures de s\u00e9curit\u00e9 appropri\u00e9es pour maintenir la confidentialit\u00e9, l&rsquo;int\u00e9grit\u00e9 et la disponibilit\u00e9 de vos donn\u00e9es personnelles, pour les prot\u00e9ger contre tout traitement non autoris\u00e9 ou ill\u00e9gal et pour contrer les dangers de perte, de changement involontaire, de divulgation non d\u00e9sir\u00e9e ou d&rsquo;acc\u00e8s non autoris\u00e9.<\/span><\/p><h2 class=\"wp-block-heading\"><span style=\"vertical-align: inherit;\">11.\u00a0Quels droits avez-vous?<\/span><\/h2><p><strong><span style=\"vertical-align: inherit;\">Dans certaines circonstances, la loi applicable en mati\u00e8re de protection des donn\u00e9es vous accorde le droit de vous opposer au traitement de vos donn\u00e9es, en particulier \u00e0 des fins de marketing direct, de profilage \u00e0 des fins de publicit\u00e9 directe et d&rsquo;autres int\u00e9r\u00eats l\u00e9gitimes dans le traitement.<\/span><\/strong><\/p><p><span style=\"vertical-align: inherit;\">Afin de vous permettre de contr\u00f4ler plus facilement le traitement de vos donn\u00e9es personnelles, vous disposez \u00e9galement des droits suivants en ce qui concerne notre traitement des donn\u00e9es, en fonction de la loi sur la protection des donn\u00e9es applicable:<\/span><\/p><ul class=\"wp-block-list\"><li><span style=\"vertical-align: inherit;\">Le droit de nous demander si et quelles donn\u00e9es nous traitons de vous;<\/span><\/li><li><span style=\"vertical-align: inherit;\">le droit que nous corrigions les donn\u00e9es si elles sont incorrectes;<\/span><\/li><li><span style=\"vertical-align: inherit;\">le droit de demander la suppression des donn\u00e9es;<\/span><\/li><li><span style=\"vertical-align: inherit;\">le droit de nous demander de publier certaines donn\u00e9es personnelles dans un format \u00e9lectronique commun ou de les transf\u00e9rer \u00e0 une autre personne responsable;<\/span><\/li><li><span style=\"vertical-align: inherit;\">le droit de r\u00e9voquer le consentement dans la mesure o\u00f9 notre traitement est bas\u00e9 sur votre consentement;<\/span><\/li><li><span style=\"vertical-align: inherit;\">le droit de demander des informations compl\u00e9mentaires n\u00e9cessaires \u00e0 l&rsquo;exercice de ces droits;<\/span><\/li><li><span style=\"vertical-align: inherit;\">le droit de prendre des d\u00e9cisions individuelles automatis\u00e9es (non. 6) Exprimer votre point de vue et exiger que la d\u00e9cision soit examin\u00e9e par une personne physique.<\/span><\/li><\/ul><p><strong><span style=\"vertical-align: inherit;\">Si vous souhaitez exercer les droits ci-dessus contre nous <\/span><\/strong><span style=\"vertical-align: inherit;\">s&rsquo;il vous pla\u00eet nous contacter par \u00e9crit, \u00e0 notre emplacement ou, sauf indication contraire ou convenu, par e-mail; nos coordonn\u00e9es peuvent \u00eatre trouv\u00e9es dans par. 2\u00e8me Pour que nous puissions exclure les abus, nous devons vous identifier (par exemple avec une copie de votre ID, sauf si cela est possible).<\/span><\/p><p><span style=\"vertical-align: inherit;\">Veuillez noter que des exigences, exceptions ou restrictions s&rsquo;appliquent \u00e0 ces droits en vertu de la loi sur la protection des donn\u00e9es applicable (par exemple, pour prot\u00e9ger des tiers ou des secrets d&rsquo;affaires). Nous vous informerons en cons\u00e9quence si n\u00e9cessaire.<\/span><\/p><p><span style=\"vertical-align: inherit;\">Si vous n&rsquo;\u00eates pas d&rsquo;accord avec notre traitement de vos droits ou de la protection des donn\u00e9es, veuillez nous en informer ou contacter notre responsable de la protection des donn\u00e9es (section 2). En particulier, si vous r\u00e9sidez dans l&rsquo;EEE, au Royaume-Uni ou en Suisse, vous avez \u00e9galement le droit de vous plaindre aupr\u00e8s de l&rsquo;autorit\u00e9 de contr\u00f4le de la protection des donn\u00e9es de votre pays. Une liste des autorit\u00e9s de l&rsquo;EEE peut \u00eatre trouv\u00e9e ici: https:\/\/edpb.europa.eu\/about-edpb\/board\/members_de. Vous pouvez contacter l&rsquo;autorit\u00e9 de surveillance du Royaume-Uni ici: https:\/\/ico.org.uk\/global\/contact-us\/. Vous pouvez contacter l&rsquo;autorit\u00e9 de surveillance suisse ici: https:\/\/www.edoeb.admin.ch\/edoeb\/de\/home\/der-edoeb\/kontakt\/adresse.html.<\/span><\/p><h2 class=\"wp-block-heading\"><span style=\"vertical-align: inherit;\">12.\u00a0Utilisons-nous des techniques de suivi en ligne et de publicit\u00e9 en ligne?<\/span><\/h2><p><span style=\"vertical-align: inherit;\">Sur notre site Web, nous utilisons diverses techniques avec lesquelles nous et les tiers qui nous ont rejoints pouvons vous reconna\u00eetre lorsque vous l&rsquo;utilisez et peuvent \u00e9galement \u00eatre en mesure de les suivre sur plusieurs visites. Nous vous en informerons dans cette section.<\/span><\/p><p><span style=\"vertical-align: inherit;\">L&rsquo;essence est que nous pouvons distinguer l&rsquo;acc\u00e8s des autres utilisateurs (via votre syst\u00e8me) afin que nous puissions assurer la fonctionnalit\u00e9 du site Web et effectuer des \u00e9valuations et des personnalisations. Nous ne voulons pas conclure votre identit\u00e9, m\u00eame si nous le pouvons, dans la mesure o\u00f9 nous ou des tiers qui nous ont rejoints pouvons vous identifier en le combinant avec des donn\u00e9es d&rsquo;enregistrement. M\u00eame sans donn\u00e9es d&rsquo;enregistrement, les techniques utilis\u00e9es sont con\u00e7ues de mani\u00e8re \u00e0 ce que vous soyez reconnu en tant que visiteur individuel \u00e0 chaque consultation de page, par exemple par notre serveur (ou les serveurs de tiers) Attribuer un num\u00e9ro d&rsquo;identification sp\u00e9cifique \u00e0 votre navigateur (appel\u00e9 \u00abcookie \u00bb).<\/span><\/p><p><span style=\"vertical-align: inherit;\">Nous utilisons ces techniques sur notre site Web et permettons \u00e0 certains tiers de faire de m\u00eame. Vous pouvez programmer votre navigateur pour bloquer, tromper ou supprimer certains cookies ou techniques alternatives. Vous pouvez \u00e9galement \u00e9tendre votre navigateur avec un logiciel qui bloque le suivi par certains tiers. De plus amples informations peuvent \u00eatre trouv\u00e9es sur les pages d&rsquo;aide de votre navigateur (g\u00e9n\u00e9ralement sous le mot-cl\u00e9 \u00abprotection des donn\u00e9es \u00bb) ou sur les sites Web des tiers, que nous \u00e9num\u00e9rons ci-dessous.<\/span><\/p><p><span style=\"vertical-align: inherit;\">Les cookies suivants sont distingu\u00e9s (techniques avec des fonctions comparables \u00e0 l&#8217;empreinte digitale sont ici):<\/span><\/p><ul class=\"wp-block-list\"><li><strong><span style=\"vertical-align: inherit;\">Les cookies n\u00e9cessaires<\/span><\/strong><span style=\"vertical-align: inherit;\">: Certains cookies sont n\u00e9cessaires au fonctionnement du site en tant que tel ou \u00e0 certaines fonctions. Vous fournissez par exemple, assurez-vous que vous pouvez basculer entre les pages sans perdre les informations saisies dans un formulaire. Vous vous assurez \u00e9galement de rester connect\u00e9. Ces cookies n&rsquo;existent que temporairement (\u00ab session cookies \u00bb). Si vous les bloquez, le site peut ne pas fonctionner. D&rsquo;autres cookies sont n\u00e9cessaires pour que le serveur puisse enregistrer les d\u00e9cisions ou les entr\u00e9es que vous avez prises au-del\u00e0 d&rsquo;une session (c&rsquo;est-\u00e0-dire une visite sur le site Web) si vous utilisez cette fonction (par exemple, langue s\u00e9lectionn\u00e9e, consentement donn\u00e9, fonction de connexion automatique, etc.). Ces cookies ont une date d&rsquo;expiration allant jusqu&rsquo;\u00e0 <\/span><strong><span style=\"vertical-align: inherit;\">24 <\/span><\/strong><span style=\"vertical-align: inherit;\">Mois.<\/span><\/li><li><strong><span style=\"vertical-align: inherit;\">Cookies de performance<\/span><\/strong><span style=\"vertical-align: inherit;\">: Afin d&rsquo;optimiser notre site Web et les offres correspondantes et de mieux les adapter aux besoins des utilisateurs, nous utilisons des cookies pour enregistrer et analyser l&rsquo;utilisation de notre site Web, \u00e9ventuellement au-del\u00e0 de la session. Nous le faisons en utilisant des services d&rsquo;analyse tiers. Nous les avons \u00e9num\u00e9r\u00e9s ci-dessous. Les cookies de performance ont \u00e9galement une date d&rsquo;expiration allant jusqu&rsquo;\u00e0 <\/span><strong><span style=\"vertical-align: inherit;\">24<\/span><\/strong><span style=\"vertical-align: inherit;\"> Mois. Vous pouvez trouver des d\u00e9tails sur les sites Web de tiers.<\/span><\/li><li><strong><span style=\"vertical-align: inherit;\">Cookies de marketing<\/span><\/strong><span style=\"vertical-align: inherit;\">: Nous et nos partenaires contractuels de publicit\u00e9 avons int\u00e9r\u00eat \u00e0 contr\u00f4ler la publicit\u00e9 d&rsquo;une mani\u00e8re sp\u00e9cifique au groupe cible, c&rsquo;est-\u00e0-dire, si possible, \u00e0 ne faire rapport qu&rsquo;\u00e0 ceux que nous voulons adresser. Nous avons list\u00e9 nos entrepreneurs publicitaires ci-dessous. \u00c0 cette fin, nous et nos partenaires contractuels publicitaires \u2013 utilisons \u00e9galement des cookies si vous consentez \u00e0 \u2013, avec lesquels le contenu appel\u00e9 ou les contrats conclus peuvent \u00eatre enregistr\u00e9s. Cela nous permet, ainsi qu&rsquo;\u00e0 nos partenaires contractuels publicitaires, d&rsquo;afficher des publicit\u00e9s que nous pouvons supposer susceptibles de vous int\u00e9resser sur notre site Web, mais \u00e9galement sur d&rsquo;autres sites Web qui affichent des publicit\u00e9s de notre part ou de la part de nos partenaires contractuels publicitaires. Selon la situation, ces cookies ont une p\u00e9riode d&rsquo;expiration de quelques jours jusqu&rsquo;\u00e0 <\/span><strong><span style=\"vertical-align: inherit;\">12<\/span><\/strong><span style=\"vertical-align: inherit;\">Mois. Si vous consentez \u00e0 l&rsquo;utilisation de ces cookies, une publicit\u00e9 appropri\u00e9e sera affich\u00e9e. Si vous ne consentez pas \u00e0 ces cookies, vous ne verrez pas moins de publicit\u00e9, mais simplement toute autre publicit\u00e9.<\/span><\/li><\/ul><p><span style=\"vertical-align: inherit;\">Nous pouvons \u00e9galement inclure d&rsquo;autres offres de tiers sur notre site Web, en particulier de fournisseurs de m\u00e9dias sociaux. Ces offres sont d\u00e9sactiv\u00e9es par d\u00e9faut. D\u00e8s que vous l&rsquo;activez (par exemple en cliquant sur un bouton), les fournisseurs correspondants peuvent d\u00e9terminer que vous \u00eates sur notre site Web. Si vous avez un compte chez le fournisseur de m\u00e9dias sociaux, il peut vous attribuer ces informations et ainsi suivre votre utilisation des offres en ligne. Ces fournisseurs de m\u00e9dias sociaux traitent ces donn\u00e9es sous leur propre responsabilit\u00e9.<\/span><\/p><p><span style=\"vertical-align: inherit;\">Nous utilisons actuellement les offres des fournisseurs de services et partenaires contractuels publicitaires suivants (dans la mesure o\u00f9 ils utilisent des donn\u00e9es vous concernant ou des cookies que vous avez d\u00e9finis pour le contr\u00f4le publicitaire):<\/span><\/p><ul class=\"wp-block-list\"><li><span style=\"vertical-align: inherit;\">Google Ireland (bas\u00e9 en Irlande) est le fournisseur du service \u00abGoogle Analytics \u00bb et agit en tant que notre processeur de commandes. Google Ireland s&rsquo;appuie sur Google LLC (bas\u00e9 aux \u00c9tats-Unis) en tant que processeur de commandes (tous deux \u00ab<\/span><strong><span style=\"vertical-align: inherit;\">Google<\/span><\/strong><span style=\"vertical-align: inherit;\">\u00bb). Google utilise des cookies de performance (voir ci-dessus) pour suivre le comportement des visiteurs de notre site Web (dur\u00e9e, fr\u00e9quence des pages consult\u00e9es, origine g\u00e9ographique de l&rsquo;acc\u00e8s, etc.) et cr\u00e9e des rapports pour nous sur l&rsquo;utilisation de notre site Web sur cette base. Nous avons configur\u00e9 le service de mani\u00e8re \u00e0 ce que les adresses IP des visiteurs de Google en Europe soient raccourcies avant d&rsquo;\u00eatre transmises aux \u00c9tats-Unis et ne puissent donc pas \u00eatre retrac\u00e9es. Nous avons d\u00e9sactiv\u00e9 les param\u00e8tres \u00abtransfert de donn\u00e9es \u00bb et \u00absignaux \u00bb. Bien que nous puissions supposer que les informations que nous partageons avec Google ne sont pas des donn\u00e9es personnelles pour Google, il est possible que Google puisse tirer des conclusions sur l&rsquo;identit\u00e9 des visiteurs de ces donn\u00e9es \u00e0 ses propres finscr\u00e9ez des profils personnels et associez ces donn\u00e9es aux comptes Google de ces personnes. Si vous consentez \u00e0 l&rsquo;utilisation de Google Analytics, vous consentez explicitement \u00e0 un tel traitement, qui comprend \u00e9galement la transmission de donn\u00e9es personnelles (en particulier les donn\u00e9es d&rsquo;utilisation du site Web et de l&rsquo;application, les informations sur l&rsquo;appareil et les identifiants individuels) aux \u00c9tats-Unis et dans d&rsquo;autres pays. Vous trouverez ici des informations sur la protection des donn\u00e9es de Google Analytics <\/span><strong><span style=\"vertical-align: inherit;\">[<\/span><\/strong><span style=\"vertical-align: inherit;\">https:\/\/support.google.com\/analytics\/answer\/6004245<\/span><strong><span style=\"vertical-align: inherit;\">]<\/span><\/strong><span style=\"vertical-align: inherit;\"> et si vous avez un compte Google, vous pouvez trouver plus d&rsquo;informations sur l&rsquo;\u00e9dition de Google ici <\/span><strong><span style=\"vertical-align: inherit;\">[<\/span><\/strong><span style=\"vertical-align: inherit;\">https:\/\/policies.google.com\/technologies\/partner-sites?hl=de<\/span><strong><span style=\"vertical-align: inherit;\">]<\/span><\/strong><span style=\"vertical-align: inherit;\">.<\/span><\/li><\/ul><h2 class=\"wp-block-heading\"><span style=\"vertical-align: inherit;\">13.\u00a0Quelles donn\u00e9es traitons-nous sur notre site Web sur les r\u00e9seaux sociaux?<\/span><\/h2><p><span style=\"vertical-align: inherit;\">Nous pouvons exploiter des pages et autres pr\u00e9sences en ligne sur les r\u00e9seaux sociaux et autres plates-formes exploit\u00e9es par des tiers (\u00ab Fanpages \u00bb, \u00abcanaux \u00bb, \u00abprofils \u00bb etc.) et l\u00e0 le no. 3 et collecter des donn\u00e9es vous concernant comme d\u00e9crit ci-dessous. Nous recevons ces donn\u00e9es de votre part et des plateformes lorsque vous entrez en contact avec nous via notre pr\u00e9sence en ligne (par exemple, lorsque vous communiquez avec nous, commentez notre contenu ou visitez notre pr\u00e9sence). Dans le m\u00eame temps, les plateformes \u00e9valuent votre utilisation de nos pr\u00e9sences en ligne et lient ces donn\u00e9es \u00e0 d&rsquo;autres donn\u00e9es vous concernant connues des plateformes (par exemple, votre comportement et vos pr\u00e9f\u00e9rences). Vous traitez \u00e9galement ces donn\u00e9es \u00e0 vos propres fins sous votre propre responsabilit\u00e9, en particulier \u00e0 des fins de marketing et d&rsquo;\u00e9tudes de march\u00e9 (par exemple.pour personnaliser la publicit\u00e9) et pour contr\u00f4ler leurs plateformes (par exemple, quel contenu ils vous montrent).<\/span><\/p><p><span style=\"vertical-align: inherit;\">Nous recevons des donn\u00e9es vous concernant lorsque vous communiquez avec nous via des pr\u00e9sences en ligne ou consultez notre contenu sur les plateformes correspondantes, visitez nos pr\u00e9sences en ligne ou y \u00eates actif (par exemple, publier du contenu, faire des commentaires). Ces plates-formes collectent \u00e9galement des donn\u00e9es techniques, des donn\u00e9es d&rsquo;enregistrement, des donn\u00e9es de communication, des donn\u00e9es de comportement et de pr\u00e9f\u00e9rences de votre part ou par votre interm\u00e9diaire (voir les termes par. 3). Ces plateformes \u00e9valuent r\u00e9guli\u00e8rement la fa\u00e7on dont vous interagissez avec nous, comment vous utilisez nos pr\u00e9sences en ligne, notre contenu ou d&rsquo;autres parties de la plateforme (ce que vous regardez, commentez, \u00abliken \u00bb, redistribuer, etc.) statistiquement et relient ces donn\u00e9es \u00e0 d&rsquo;autres informations vous concernant (par exemple, des informations sur l&rsquo;\u00e2ge et le sexe et d&rsquo;autres informations d\u00e9mographiques).De cette fa\u00e7on, ils cr\u00e9ent \u00e9galement des profils sur vous et des statistiques sur l&rsquo;utilisation de nos pr\u00e9sences en ligne. Vous utilisez ces donn\u00e9es et profils pour afficher personnellement notre publicit\u00e9 ou d&rsquo;autres contenus sur la plate-forme et pour contr\u00f4ler le comportement de la plate-forme, mais aussi pour des \u00e9tudes de march\u00e9 et d&rsquo;utilisateurs et pour nous fournir, ainsi qu&rsquo;\u00e0 d&rsquo;autres organismes, des informations vous concernant et l&rsquo;utilisation de notre site Web. Nous pouvons contr\u00f4ler partiellement les \u00e9valuations que ces plateformes cr\u00e9ent concernant l&rsquo;utilisation de nos pr\u00e9sences en ligne.mais aussi pour des \u00e9tudes de march\u00e9 et d&rsquo;utilisateurs et pour nous fournir, ainsi qu&rsquo;\u00e0 d&rsquo;autres organismes, des informations sur vous et l&rsquo;utilisation de notre pr\u00e9sence en ligne. Nous pouvons contr\u00f4ler partiellement les \u00e9valuations que ces plateformes cr\u00e9ent concernant l&rsquo;utilisation de nos pr\u00e9sences en ligne.mais aussi pour des \u00e9tudes de march\u00e9 et d&rsquo;utilisateurs et pour nous fournir, ainsi qu&rsquo;\u00e0 d&rsquo;autres organismes, des informations sur vous et l&rsquo;utilisation de notre pr\u00e9sence en ligne. Nous pouvons contr\u00f4ler partiellement les \u00e9valuations que ces plateformes cr\u00e9ent concernant l&rsquo;utilisation de nos pr\u00e9sences en ligne.<\/span><\/p><p><span style=\"vertical-align: inherit;\">Nous traitons ces donn\u00e9es aux fins d\u00e9crites au paragraphe 4, en particulier pour la communication, \u00e0 des fins de marketing (y compris la publicit\u00e9 sur ces plateformes, voir la section 12) et pour des \u00e9tudes de march\u00e9. Vous trouverez des informations sur les bases juridiques pertinentes au par. 5. Nous pouvons distribuer nous-m\u00eames le contenu publi\u00e9 par vous (par exemple, les commentaires sur une annonce) (par exemple, dans notre publicit\u00e9 sur la plate-forme ou ailleurs). Nous ou les op\u00e9rateurs des plates-formes pouvons \u00e9galement supprimer ou restreindre le contenu de ou vers vous conform\u00e9ment aux directives d&rsquo;utilisation (par exemple, les commentaires inappropri\u00e9s).<\/span><\/p><p><span style=\"vertical-align: inherit;\">Pour plus d&rsquo;informations sur le traitement des op\u00e9rateurs des plates-formes, veuillez vous r\u00e9f\u00e9rer aux informations sur la protection des donn\u00e9es des plates-formes. Vous y d\u00e9couvrirez \u00e9galement dans quels pays ils traitent leurs donn\u00e9es, quelles informations, suppressions et autres droits des personnes concern\u00e9es vous avez et comment vous pouvez les percevoir ou recevoir des informations suppl\u00e9mentaires. Nous utilisons actuellement les plateformes suivantes:<\/span><\/p><ul class=\"wp-block-list\"><li><strong><span style=\"vertical-align: inherit;\">Facebook<\/span><\/strong><span style=\"vertical-align: inherit;\">: Ici, nous g\u00e9rons le site www.facebook.com\/leadnowconsulting. L&rsquo;organisme responsable de l&rsquo;exploitation de la plate-forme est Facebook Ireland Ltd., Dublin, Irlande pour les utilisateurs d&rsquo;Europe. Leurs informations sur la protection des donn\u00e9es sont disponibles sur www.facebook.com\/policy. Certaines de vos donn\u00e9es seront envoy\u00e9es aux \u00c9tats-Unis. L&rsquo;opposition \u00e0 la publicit\u00e9 est possible ici: www.facebook.com\/settings?onglet = annonces. Avec Facebook Ireland Ltd., Dublin, Irlande, nous sommes conjointement responsables des donn\u00e9es qui sont collect\u00e9es et trait\u00e9es lorsque vous visitez notre page pour cr\u00e9er \u00abPage Insights \u00bb. Page Insights produit des statistiques sur ce que les visiteurs font sur notre site (commentaire sur les publications, contenu de transfert, etc.). Ceci est d\u00e9crit sur www.facebook.com\/legal\/terms\/information_about_page_insights_data.Cela nous aide \u00e0 comprendre comment notre site est utilis\u00e9 et comment nous pouvons l&rsquo;am\u00e9liorer. Nous ne recevons que des donn\u00e9es anonymes et agr\u00e9g\u00e9es. Nous avons r\u00e9glement\u00e9 nos responsabilit\u00e9s en mati\u00e8re de protection des donn\u00e9es en fonction des informations sur www.facebook.com\/legal\/terms\/page_controller_addendum.<\/span><\/li><li><strong><span style=\"vertical-align: inherit;\">Linkedin: En <\/span><\/strong><span style=\"vertical-align: inherit;\">www.linkedin.com\/soci\u00e9t\u00e9\/71255253<\/span><\/li><li><span style=\"vertical-align: inherit;\">Instagram: www.instagram.com\/leadnow.ch<\/span><\/li><li><strong><span style=\"vertical-align: inherit;\">Site d&rsquo;h\u00e9bergement infomaniak <\/span><\/strong><span style=\"vertical-align: inherit;\">Entreprises en Suisse qui op\u00e8rent \u00e0 travers l&rsquo;Europe. <\/span><a href=\"https:\/\/www.infomaniak.com\/de\/agb\/datenschutzrichtlinien\" target=\"_blank\" rel=\"noreferrer noopener\"><span style=\"vertical-align: inherit;\">Avis protection donn\u00e9es<\/span><\/a><\/li><li><strong><span style=\"vertical-align: inherit;\">Videoask (par typeform) <\/span><\/strong><span style=\"vertical-align: inherit;\">Videoask est un outil pour les interactions vid\u00e9o avec des fonctions suppl\u00e9mentaires. <\/span><a href=\"https:\/\/admin.typeform.com\/to\/dwk6gt\" target=\"_blank\" rel=\"noreferrer noopener\"><span style=\"vertical-align: inherit;\">Informations sur la protection des donn\u00e9es Typeform<\/span><\/a><\/li><li><strong><span style=\"vertical-align: inherit;\">Typeform<\/span><\/strong><span style=\"vertical-align: inherit;\"> collecte des donn\u00e9es d&rsquo;utilisation lorsque vous utilisez un formulaire correspondant. Typeform collecte des donn\u00e9es sur le type d&rsquo;appareil et le programme par lequel un formulaire est appel\u00e9, par exemple l&rsquo;adresse IP, le type de navigateur et le syst\u00e8me d&rsquo;exploitation. Cela peut \u00e9galement inclure l&#8217;emplacement g\u00e9ographique de l&rsquo;utilisateur d\u00e9termin\u00e9 par l&rsquo;adresse IP. Typeform stocke des informations sur la source qui a r\u00e9f\u00e9r\u00e9 l&rsquo;utilisateur au formulaire (par exemple, le lien sur un site Web ou dans un e-mail). Typeform utilise des services de suivi tiers pour collecter des cookies et des balises de page (\u00e9galement appel\u00e9es balises Web ou bogues Web) afin de collecter des donn\u00e9es agr\u00e9g\u00e9es et anonymis\u00e9es. Vous trouverez de plus amples informations sur la collecte et l&rsquo;utilisation des donn\u00e9es par Typeform dans les informations de protection des donn\u00e9es de Typeform. <\/span><a href=\"https:\/\/admin.typeform.com\/to\/dwk6gt\" target=\"_blank\" rel=\"noreferrer noopener\"><span style=\"vertical-align: inherit;\">Avis protection donn\u00e9es<\/span><\/a><\/li><li><strong><span style=\"vertical-align: inherit;\">Airtable<\/span><\/strong><span style=\"vertical-align: inherit;\"> est un service de collaboration cloud bas\u00e9 \u00e0 San Francisco. <\/span><a href=\"https:\/\/airtable.com\/privacy\" target=\"_blank\" rel=\"noreferrer noopener\"><span style=\"vertical-align: inherit;\">Avis protection donn\u00e9es<\/span><\/a><\/li><li><strong><span style=\"vertical-align: inherit;\">Support et base de connaissances Freshdesk<\/span><\/strong><span style=\"vertical-align: inherit;\">: <\/span><span style=\"vertical-align: inherit;\">Freshdesk est un service d&rsquo;assistance qui offre \u00e9galement la possibilit\u00e9 d&rsquo;un libre-service. Leadnow a cr\u00e9\u00e9 la base de donn\u00e9es de connaissances ici. <\/span><a href=\"https:\/\/freshdesk.com\/de\/dsgvo\/\" target=\"_blank\" rel=\"noreferrer noopener\"><span style=\"vertical-align: inherit;\">Avis protection donn\u00e9es<\/span><\/a><\/li><li><strong><span style=\"vertical-align: inherit;\">Mailchimp <\/span><\/strong><span style=\"vertical-align: inherit;\">Mailchimp est une plate-forme am\u00e9ricaine d&rsquo;automatisation du marketing et un service de marketing par courriel. <\/span><a href=\"https:\/\/mailchimp.com\/about\/security\/\" target=\"_blank\" rel=\"noreferrer noopener\"><span style=\"vertical-align: inherit;\">Avis protection donn\u00e9es<\/span><\/a><\/li><li><strong><span style=\"vertical-align: inherit;\">Google Analytics <\/span><\/strong><span style=\"vertical-align: inherit;\">Outil de suivi de la soci\u00e9t\u00e9 am\u00e9ricaine Google LLC, qui est utilis\u00e9 pour l&rsquo;analyse du trafic de donn\u00e9es des sites Web (analyse Web). Les donn\u00e9es suivantes peuvent \u00eatre collect\u00e9es via Google Analytics: la plupart des zones cliqu\u00e9es, la dur\u00e9e de la session, le taux de rebond, les commandes et la cr\u00e9ation de comptes, l&rsquo;affichage des coordonn\u00e9es et des notes, la lecture des m\u00e9dias, la mise \u00e0 jour de la page, l&rsquo;ajout aux favoris, le partage de contenu dans les m\u00e9dias sociaux, etc. <\/span><a href=\"https:\/\/policies.google.com\/privacy?hl=de%E2%80%A8\" target=\"_blank\" rel=\"noreferrer noopener\"><span style=\"vertical-align: inherit;\">Avis protection donn\u00e9es<\/span><\/a><\/li><li><strong><span style=\"vertical-align: inherit;\">Payrexx <\/span><\/strong><span style=\"vertical-align: inherit;\">Service bas\u00e9 en Suisse, pour le traitement des paiements pour les services connexes. <\/span><a href=\"https:\/\/www.payrexx.com\/de\/rechtliches\/\" target=\"_blank\" rel=\"noreferrer noopener\"><span style=\"vertical-align: inherit;\">Avis protection donn\u00e9es<\/span><\/a><\/li><li><strong><span style=\"vertical-align: inherit;\">Calendablement <\/span><\/strong><span style=\"vertical-align: inherit;\">Logiciel de planification <\/span><a href=\"https:\/\/help.calendly.com\/hc\/de\/articles\/360007295834-Datenspeicherung-und-Datenschutz\" target=\"_blank\" rel=\"noreferrer noopener\"><span style=\"vertical-align: inherit;\">Avis protection donn\u00e9es<\/span><\/a><\/li><\/ul><h2 class=\"wp-block-heading\"><span style=\"vertical-align: inherit;\">14.\u00a0Cette d\u00e9claration de protection des donn\u00e9es peut-elle \u00eatre modifi\u00e9e?<\/span><\/h2><p><span style=\"vertical-align: inherit;\">Cette d\u00e9claration de protection des donn\u00e9es ne fait pas partie d&rsquo;un contrat avec vous. Nous pouvons adapter cette d\u00e9claration de protection des donn\u00e9es \u00e0 tout moment. La version publi\u00e9e sur ce site est la version actuelle.<\/span><\/p><p><span style=\"vertical-align: inherit;\">Derni\u00e8re mise \u00e0 jour: <\/span><strong><span style=\"vertical-align: inherit;\">[<\/span><\/strong><span style=\"vertical-align: inherit;\">1.7.2023<\/span><strong><span style=\"vertical-align: inherit;\">]<\/span><\/strong><\/p><h2 class=\"wp-block-heading\"><span style=\"vertical-align: inherit;\">Copyrights<\/span><\/h2><p><strong><span style=\"vertical-align: inherit;\">Photos<\/span><\/strong><\/p><p><span style=\"vertical-align: inherit;\">Les droits d&rsquo;auteur sont d\u00e9tenus par Christian N\u00e4nny.<\/span><br \/><a href=\"https:\/\/photos.naenny.com\" target=\"_blank\" rel=\"noopener\"><span style=\"vertical-align: inherit;\">vers le site<\/span><\/a><br \/><br \/><span style=\"vertical-align: inherit;\">Mail \u00e0 <\/span><a href=\"mailto:photography@naenny.com\"><span style=\"vertical-align: inherit;\">photographie@naenny.com<\/span><\/a><\/p><\/div><\/article>\t\t\t\t\t\t\t\t<\/div>\n\t\t\t\t<\/div>\n\t\t\t\t<\/div>\n\t\t<div class=\"elementor-element elementor-element-bbac225 e-con-full e-flex e-con e-child\" data-id=\"bbac225\" data-element_type=\"container\" data-e-type=\"container\">\n\t\t\t\t<div class=\"elementor-element elementor-element-1b81044 elementor-mobile-align-justify elementor-widget elementor-widget-button\" data-id=\"1b81044\" data-element_type=\"widget\" data-e-type=\"widget\" data-widget_type=\"button.default\">\n\t\t\t\t<div class=\"elementor-widget-container\">\n\t\t\t\t\t\t\t\t\t<div class=\"elementor-button-wrapper\">\n\t\t\t\t\t<a class=\"elementor-button elementor-button-link elementor-size-sm\" href=\"https:\/\/leadnow.ch\/fr\/contact\/\">\n\t\t\t\t\t\t<span class=\"elementor-button-content-wrapper\">\n\t\t\t\t\t\t\t\t\t<span class=\"elementor-button-text\">Contact<\/span>\n\t\t\t\t\t<\/span>\n\t\t\t\t\t<\/a>\n\t\t\t\t<\/div>\n\t\t\t\t\t\t\t\t<\/div>\n\t\t\t\t<\/div>\n\t\t\t\t<\/div>\n\t\t\t\t\t<\/div>\n\t\t\t\t<\/div>\n\t\t\t\t<\/div>\n\t\t","protected":false},"excerpt":{"rendered":"<p>1. En quoi consiste cette d\u00e9claration de protection des donn\u00e9es? Leadnow GmbH (ci-apr\u00e8s \u00e9galement \u00abnous\u00bb, \u00abnous\u00bb) ach\u00e8te et traite des donn\u00e9es personnelles que vous ou d&rsquo;autres personnes (appel\u00e9es \u00abTroisi\u00e8me\u00bb) pr\u00e9occupation. Nous utilisons le terme \u00abdonn\u00e9es\u00bb ici synonyme de \u00abDonn\u00e9es personnelles\u00bb ou \u00abdonn\u00e9es personnelles\u00bb. Dans cette d\u00e9claration de protection des donn\u00e9es, nous d\u00e9crivons ce que nous [&hellip;]<\/p>\n","protected":false},"author":1,"featured_media":0,"parent":0,"menu_order":0,"comment_status":"closed","ping_status":"closed","template":"","meta":{"_acf_changed":false,"footnotes":""},"class_list":["post-2928","page","type-page","status-publish","hentry"],"blocksy_meta":[],"acf":[],"_links":{"self":[{"href":"https:\/\/leadnow.ch\/fr\/wp-json\/wp\/v2\/pages\/2928","targetHints":{"allow":["GET"]}}],"collection":[{"href":"https:\/\/leadnow.ch\/fr\/wp-json\/wp\/v2\/pages"}],"about":[{"href":"https:\/\/leadnow.ch\/fr\/wp-json\/wp\/v2\/types\/page"}],"author":[{"embeddable":true,"href":"https:\/\/leadnow.ch\/fr\/wp-json\/wp\/v2\/users\/1"}],"replies":[{"embeddable":true,"href":"https:\/\/leadnow.ch\/fr\/wp-json\/wp\/v2\/comments?post=2928"}],"version-history":[{"count":0,"href":"https:\/\/leadnow.ch\/fr\/wp-json\/wp\/v2\/pages\/2928\/revisions"}],"wp:attachment":[{"href":"https:\/\/leadnow.ch\/fr\/wp-json\/wp\/v2\/media?parent=2928"}],"curies":[{"name":"wp","href":"https:\/\/api.w.org\/{rel}","templated":true}]}}